{"id":46973,"date":"2024-06-28T15:57:52","date_gmt":"2024-06-28T15:57:52","guid":{"rendered":"https:\/\/noticiatecnologia.com\/?page_id=46973"},"modified":"2026-08-02T14:47:33","modified_gmt":"2026-08-02T14:47:33","slug":"adatvedelmi-iranyelvek","status":"publish","type":"page","link":"https:\/\/noticiatecnologia.com\/hu\/politica-de-privacidade\/","title":{"rendered":"Adatv\u00e9delmi szab\u00e1lyzat"},"content":{"rendered":"<p><strong>Utols\u00f3 friss\u00edt\u00e9s:<\/strong> 2026. augusztus 2.<\/p>\n<p>Ez az adatv\u00e9delmi ir\u00e1nyelv elmagyar\u00e1zza, hogy milyen adatokat... <strong>Technol\u00f3giai h\u00edrek<\/strong> A (noticiatecnologia.com) adatokat gy\u0171jt, elmagyar\u00e1zza, hogy mi\u00e9rt gy\u0171jti azokat, kivel osztja meg azokat, \u00e9s milyen jogai vannak \u00d6nnek. Ez a webhely \u00f6sszes oldal\u00e1ra \u00e9s nyelv\u00e9re vonatkozik.<\/p>\n<h2>1. Ki a felel\u0151s az adataid\u00e9rt?<\/h2>\n<p>A Noticia Tecnologia egy technol\u00f3giai h\u00edreket megoszt\u00f3 weboldal, amelyet a v\u00e1llalat tart fenn. <strong>SpotAds<\/strong>. B\u00e1rmely adatv\u00e9delmi k\u00e9rd\u00e9sben \u2013 bele\u00e9rtve az adatokhoz val\u00f3 hozz\u00e1f\u00e9r\u00e9sre, helyesb\u00edt\u00e9sre vagy t\u00f6rl\u00e9sre vonatkoz\u00f3 k\u00e9relmeket \u2013 a kapcsolattart\u00f3 szem\u00e9ly... <strong><a href=\"mailto:contato@noticiatecnologia.com\">contato@noticiatecnologia.com<\/a><\/strong> vagy a mi\u00e9nk <a href=\"https:\/\/noticiatecnologia.com\/contato\/\">kapcsolatfelv\u00e9teli oldal<\/a>. 15 napon bel\u00fcl v\u00e1laszolunk.<\/p>\n<h2>2. Milyen adatokat gy\u0171jt\u00fcnk?<\/h2>\n<p>A webhely m\u0171k\u00f6d\u00e9s\u00e9hez \u00e9s hirdet\u00e9sekkel t\u00f6rt\u00e9n\u0151 t\u00e1mogat\u00e1s\u00e1hoz sz\u00fcks\u00e9ges minim\u00e1lis \u00f6sszeget gy\u0171jtj\u00fck \u00f6ssze:<\/p>\n<ul>\n<li><strong>Az \u00d6n \u00e1ltal k\u00fcld\u00f6tt adatok:<\/strong> A nevet, az e-mail c\u00edmet \u00e9s az \u00fczenetet csak a kapcsolatfelv\u00e9teli \u0171rlap kit\u00f6lt\u00e9sekor adjuk meg. Ezeket az inform\u00e1ci\u00f3kat kiz\u00e1r\u00f3lag a v\u00e1laszad\u00e1shoz haszn\u00e1ljuk fel.<\/li>\n<li><strong>M\u0171szaki navig\u00e1ci\u00f3s adatok:<\/strong> IP-c\u00edm, b\u00f6ng\u00e9sz\u0151 t\u00edpusa \u00e9s nyelve, oper\u00e1ci\u00f3s rendszer, eszk\u00f6z, megl\u00e1togatott oldalak, az oldalon elt\u00f6lt\u00f6tt id\u0151, hivatkoz\u00f3 webhely, valamint a hozz\u00e1f\u00e9r\u00e9s d\u00e1tuma\/ideje. Ezek az adatok automatikusan gener\u00e1l\u00f3dnak, amikor felkeres egy webhelyet.<\/li>\n<li><strong>S\u00fctik \u00e9s azonos\u00edt\u00f3k<\/strong> \u2014 r\u00e9szletezve a 4. pontban.<\/li>\n<\/ul>\n<p>Nem k\u00e9r\u00fcnk \u00e9s nem t\u00e1rolunk \u00e9rz\u00e9keny adatokat (eg\u00e9szs\u00e9g\u00fcgyi, vall\u00e1si, szexu\u00e1lis ir\u00e1nyults\u00e1gi, biometrikus adatok), nem \u00e9rt\u00e9kes\u00edt\u00fcnk szem\u00e9lyes adatokat, \u00e9s a tartalom olvas\u00e1s\u00e1hoz nem sz\u00fcks\u00e9ges regisztr\u00e1ci\u00f3.<\/p>\n<h2>3. Mire haszn\u00e1ljuk ezeket az adatokat?<\/h2>\n<ul>\n<li>Oldalak k\u00e9zbes\u00edt\u00e9se \u00e9s a be\u00e1ll\u00edt\u00e1sok, p\u00e9ld\u00e1ul a kiv\u00e1lasztott nyelv megjegyz\u00e9se.<\/li>\n<li>A k\u00f6z\u00f6ns\u00e9g m\u00e9ret\u00e9nek \u00f6sszes\u00edtett m\u00e9r\u00e9se (milyen tartalmat olvasnak, honnan sz\u00e1rmaznak a hozz\u00e1f\u00e9r\u00e9sek) annak eld\u00f6nt\u00e9s\u00e9hez, hogy mit publik\u00e1ljunk.<\/li>\n<li>A hirdet\u00e9sek megjelen\u00edt\u00e9se az, ami a tartalom el\u0151\u00e1ll\u00edt\u00e1s\u00e1nak k\u00f6lts\u00e9geit fedezi.<\/li>\n<li>Biztons\u00e1g: A vissza\u00e9l\u00e9sek, a spam \u00e9s a hackert\u00e1mad\u00e1sok megel\u0151z\u00e9se.<\/li>\n<li>V\u00e1laszoljon a kapcsolatfelv\u00e9teli \u0171rlapon kereszt\u00fcl k\u00fcld\u00f6tt \u00fczenetekre.<\/li>\n<\/ul>\n<h2>4. S\u00fctik \u00e9s hasonl\u00f3 technol\u00f3gi\u00e1k<\/h2>\n<p>A s\u00fctik kis f\u00e1jlok, amelyeket a b\u00f6ng\u00e9sz\u0151je t\u00e1rol. A k\u00f6vetkez\u0151 kateg\u00f3ri\u00e1kat haszn\u00e1ljuk:<\/p>\n<ul>\n<li><strong>K\u00edv\u00e1nt:<\/strong> Ezek biztos\u00edtj\u00e1k az oldal m\u0171k\u00f6d\u00e9s\u00e9t (munkamenet, biztons\u00e1g, ford\u00edt\u00f3 nyelvi be\u00e1ll\u00edt\u00e1sai). N\u00e9lk\u00fcl\u00fck az oldal nem m\u0171k\u00f6dik.<\/li>\n<li><strong>Teljes\u00edtm\u00e9ny\/elemz\u00e9s:<\/strong> Seg\u00edtenek \u00f6sszes\u00edtett m\u00f3don meg\u00e9rteni a weboldal haszn\u00e1lat\u00e1t.<\/li>\n<li><strong>Hirdet\u0151:<\/strong> \u00c1ltalunk \u00e9s harmadik felek \u00e1ltal haszn\u00e1lt s\u00fctik hirdet\u00e9sek megjelen\u00edt\u00e9s\u00e9re \u00e9s m\u00e9r\u00e9s\u00e9re, a hirdet\u00e9s megjelen\u00edt\u00e9s\u00e9nek sz\u00e1m\u00e1nak korl\u00e1toz\u00e1s\u00e1ra, \u00e9s \u2013 amennyiben enged\u00e9lyezett \u2013 a megjelen\u00edtett tartalom szem\u00e9lyre szab\u00e1s\u00e1ra.<\/li>\n<\/ul>\n<p>A b\u00f6ng\u00e9sz\u0151 be\u00e1ll\u00edt\u00e1saiban blokkolhatja vagy t\u00f6r\u00f6lheti a s\u00fctiket. A sz\u00fcks\u00e9ges s\u00fctik blokkol\u00e1sa a weboldal egyes r\u00e9szeinek m\u0171k\u00f6d\u00e9s\u00e9t megakad\u00e1lyozhatja.<\/p>\n<h2>5. Hirdet\u00e9s: Google \u00e9s m\u00e1s partnerek<\/h2>\n<p>A Tech News weboldal hirdet\u00e9seket jelen\u00edt meg a k\u00f6vetkez\u0151n kereszt\u00fcl: <strong>Google Hirdet\u00e9skezel\u0151<\/strong> \u00e9s a <strong>Google AdSense\/AdX<\/strong>. Ezzel kapcsolatban a k\u00f6vetkez\u0151ket kell tudnia:<\/p>\n<ul>\n<li>O <strong>A Google, mint harmadik f\u00e9l, s\u00fctiket haszn\u00e1l a hirdet\u00e9sek megjelen\u00edt\u00e9s\u00e9hez.<\/strong> weboldalunkon, bele\u00e9rtve a Google hirdet\u00e9si s\u00fctiket \u00e9s hasonl\u00f3 azonos\u00edt\u00f3kat.<\/li>\n<li>Ezek a s\u00fctik lehet\u0151v\u00e9 teszik a Google \u00e9s partnerei sz\u00e1m\u00e1ra, hogy hirdet\u00e9seket jelen\u00edtsenek meg az \u00d6n ezen \u00e9s m\u00e1s internetes webhelyeken tett l\u00e1togat\u00e1sai alapj\u00e1n.<\/li>\n<li>A Google-\u00f6n k\u00edv\u00fcl, <strong>m\u00e1s h\u00e1l\u00f3zatok \u00e9s partnerhirdet\u0151k<\/strong> Olyan adatokat gy\u0171jthetnek, mint az IP-c\u00edm, a b\u00f6ng\u00e9sz\u0151 t\u00edpusa, az internetszolg\u00e1ltat\u00f3 \u00e9s a megl\u00e1togatott oldalak, hogy hirdet\u00e9seket jelen\u00edtsenek meg \u00e9s m\u00e9rjenek. Ezen harmadik felek mindegyike a saj\u00e1t adatv\u00e9delmi szab\u00e1lyzat\u00e1t k\u00f6veti, amely felett nincs befoly\u00e1sunk.<\/li>\n<li>A bemutatott form\u00e1tumok k\u00f6z\u00f6tt szerepel a <em>k\u00f6zbeiktatott<\/em>, Teljes k\u00e9perny\u0151s hirdet\u00e9s, amely az oldalv\u00e1lt\u00e1sok sor\u00e1n jelenik meg, \u00e9s b\u00e1rmikor bez\u00e1rhat\u00f3. A webhely szerkeszt\u0151i tartalma soha nincs hirdet\u00e9s m\u00f6g\u00f6tt r\u00f6gz\u00edtve.<\/li>\n<\/ul>\n<p><strong>A hirdet\u00e9sek szem\u00e9lyre szab\u00e1s\u00e1nak letilt\u00e1sa:<\/strong><\/p>\n<ul>\n<li>Google Hirdet\u00e9sek be\u00e1ll\u00edt\u00e1sai: <a href=\"https:\/\/adssettings.google.com\/\" rel=\"nofollow noopener\" target=\"_blank\">hirdet\u00e9sbe\u00e1ll\u00edt\u00e1sok.google.com<\/a><\/li>\n<li>Leiratkoz\u00e1s t\u00f6bb h\u00e1l\u00f3zatr\u00f3l (USA): <a href=\"https:\/\/optout.aboutads.info\/\" rel=\"nofollow noopener\" target=\"_blank\">optout.aboutads.info<\/a><\/li>\n<li>Kil\u00e9p\u00e9s Eur\u00f3p\u00e1ban: <a href=\"https:\/\/www.youronlinechoices.eu\/\" rel=\"nofollow noopener\" target=\"_blank\">youronlinechoices.eu<\/a><\/li>\n<li>Tov\u00e1bbi inform\u00e1ci\u00f3 arr\u00f3l, hogyan haszn\u00e1lja fel a Google a partnerwebhelyekr\u0151l sz\u00e1rmaz\u00f3 adatokat: <a href=\"https:\/\/policies.google.com\/technologies\/partner-sites\" rel=\"nofollow noopener\" target=\"_blank\">policies.google.com\/technologies\/partner-sites<\/a><\/li>\n<\/ul>\n<h2>6. Hozz\u00e1j\u00e1rul\u00e1s az Eur\u00f3pai Gazdas\u00e1gi T\u00e9rs\u00e9gben, az Egyes\u00fclt Kir\u00e1lys\u00e1gban \u00e9s Sv\u00e1jcban \u00e9l\u0151 felhaszn\u00e1l\u00f3k sz\u00e1m\u00e1ra<\/h2>\n<p>Ha felkeresi a weboldalt, <strong>EGT, Egyes\u00fclt Kir\u00e1lys\u00e1g vagy Sv\u00e1jc<\/strong>, A hirdet\u00e9si \u00e9s analitikai s\u00fctik enged\u00e9lyez\u00e9se el\u0151tt megjelen\u00edt\u00fcnk egy hozz\u00e1j\u00e1rul\u00e1si \u00e9rtes\u00edt\u00e9st (CMP). Ebben az \u00e9rtes\u00edt\u00e9sben a k\u00f6vetkez\u0151ket teheti: <strong>elfogadni, elutas\u00edtani vagy c\u00e9lt c\u00e9l szerint v\u00e1lasztani<\/strong>, K\u00e9s\u0151bb meggondolhatja mag\u00e1t: a figyelmeztet\u00e9st \u00fajra megnyithatja a hozz\u00e1j\u00e1rul\u00e1si szolg\u00e1ltat\u00e1s adatv\u00e9delmi be\u00e1ll\u00edt\u00e1sain kereszt\u00fcl, \u00e9s t\u00f6r\u00f6lheti is a webhely s\u00fctijeit a b\u00f6ng\u00e9sz\u0151j\u00e9ben, hogy \u00fajra megjelenjen. Az \u00d6n hozz\u00e1j\u00e1rul\u00e1sa n\u00e9lk\u00fcl a megjelen\u00edtett hirdet\u00e9sek nem szem\u00e9lyre szabottak.<\/p>\n<h2>7. K\u00f6z\u00f6ns\u00e9gm\u00e9r\u00e9s \u00e9s harmadik f\u00e9lt\u0151l sz\u00e1rmaz\u00f3 eszk\u00f6z\u00f6k<\/h2>\n<p>Elemz\u0151 eszk\u00f6z\u00f6ket haszn\u00e1lunk a tartalomteljes\u00edtm\u00e9ny meg\u00e9rt\u00e9s\u00e9hez. Az \u00e1ltalunk konzult\u00e1lt jelent\u00e9sek... <strong>aggreg\u00e1tumok<\/strong> \u2014 Nem azonos\u00edtj\u00e1k \u00d6nt szem\u00e9ly szerint. Ezen szolg\u00e1ltat\u00e1sok n\u00e9melyike saj\u00e1t s\u00fctiket t\u00e1rol, amelyekre a fent le\u00edrt hozz\u00e1j\u00e1rul\u00e1si nyilatkozat vonatkozik. A jelenleg haszn\u00e1lt szolg\u00e1ltat\u00e1sok a k\u00f6vetkez\u0151k:<\/p>\n<ul>\n<li><strong>Google C\u00edmkekezel\u0151<\/strong> (GTM-MKWFTMJR \u00e9s GTM-TQKS5S8P kont\u00e9nerek): a webhely m\u00e9r\u00e9si c\u00edmk\u00e9inek kezel\u00e9se.<\/li>\n<li><strong>Meta Pixel (Facebook\/Instagram)<\/strong>Tartalmunk egy r\u00e9sze kamp\u00e1nyokban jelenik meg a Meta oldalon. Ezeken az oldalakon a pixel r\u00f6gz\u00edtheti a l\u00e1togat\u00e1sokat \u00e9s az alapvet\u0151 b\u00f6ng\u00e9sz\u00e9si esem\u00e9nyeket a kamp\u00e1ny teljes\u00edtm\u00e9ny\u00e9nek m\u00e9r\u00e9se \u00e9s ugyanazon hirdet\u00e9s ism\u00e9telt megjelen\u00edt\u00e9s\u00e9nek elker\u00fcl\u00e9se \u00e9rdek\u00e9ben. Ezt a be\u00e1ll\u00edt\u00e1sokban szab\u00e1lyozhatja. <a href=\"https:\/\/www.facebook.com\/help\/247395082112892\" rel=\"nofollow noopener\" target=\"_blank\">Metahirdet\u00e9si be\u00e1ll\u00edt\u00e1sok<\/a> \u00e9s a <a href=\"https:\/\/www.facebook.com\/privacy\/policy\" rel=\"nofollow noopener\" target=\"_blank\">A Meta adatv\u00e9delmi ir\u00e1nyelvei<\/a>.<\/li>\n<li><strong>Felh\u0151lobban\u00e1s<\/strong>Weboldal kisz\u00e1ll\u00edt\u00e1sa \u00e9s biztons\u00e1ga (t\u00e1mad\u00e1sok \u00e9s vissza\u00e9l\u00e9sek elleni v\u00e9delem).<\/li>\n<\/ul>\n<p>Amennyiben hozz\u00e1j\u00e1rul\u00e1s sz\u00fcks\u00e9ges, ezek az eszk\u00f6z\u00f6k csak azut\u00e1n aktiv\u00e1l\u00f3dnak, hogy kiv\u00e1lasztotta \u0151ket az adatv\u00e9delmi nyilatkozatban.<\/p>\n<h2>8. Adatmegoszt\u00e1s<\/h2>\n<p>Nem adjuk el az adataidat. Kiz\u00e1r\u00f3lag a k\u00f6vetkez\u0151kkel osztjuk meg azokat:<\/p>\n<ul>\n<li>Hirdet\u00e9si platformok (Google Ad Manager\/AdSense \u00e9s keresleti partnerek), az 5. pontban meghat\u00e1rozottak szerint.<\/li>\n<li>Infrastrukt\u00fara-szolg\u00e1ltat\u00f3k (t\u00e1rhely, CDN, biztons\u00e1g \u00e9s e-mail k\u00e9zbes\u00edt\u00e9s), akik a nev\u00fcnkben dolgozz\u00e1k fel az adatokat.<\/li>\n<li>Hat\u00f3s\u00e1gok, ha jogi k\u00f6telezetts\u00e9g vagy b\u00edr\u00f3s\u00e1gi v\u00e9gz\u00e9s \u00e1ll fenn.<\/li>\n<\/ul>\n<h2>9. Nemzetk\u00f6zi \u00e1tutal\u00e1s<\/h2>\n<p>Hirdet\u00e9si, elemz\u00e9si \u00e9s infrastrukt\u00fara-szolg\u00e1ltat\u00f3ink Braz\u00edli\u00e1n k\u00edv\u00fcli szervereken is feldolgozhatnak adatokat, bele\u00e9rtve az Egyes\u00fclt \u00c1llamokat \u00e9s az Eur\u00f3pai Uni\u00f3t is. Ezekben az esetekben az adattov\u00e1bb\u00edt\u00e1s az LGPD-ben (brazil \u00e1ltal\u00e1nos adatv\u00e9delmi t\u00f6rv\u00e9ny) \u00e9s a GDPR-ban (\u00e1ltal\u00e1nos adatv\u00e9delmi rendelet) foglalt szerz\u0151d\u00e9ses z\u00e1rad\u00e9kok \u00e9s megfelel\u00e9si mechanizmusok alapj\u00e1n t\u00f6rt\u00e9nik.<\/p>\n<h2>10. Mennyi ideig \u0151rizz\u00fck meg?<\/h2>\n<ul>\n<li>A kapcsolatfelv\u00e9teli \u0171rlapon kereszt\u00fcl bek\u00fcld\u00f6tt \u00fczenetek a v\u00e1laszad\u00e1st k\u00f6vet\u0151 24 h\u00f3napig lesznek el\u00e9rhet\u0151k.<\/li>\n<li>Technikai hozz\u00e1f\u00e9r\u00e9si \u00e9s biztons\u00e1gi nyilv\u00e1ntart\u00e1sok: legfeljebb 12 h\u00f3nap.<\/li>\n<li>S\u00fctik: mindegyiknek megvan a saj\u00e1t lej\u00e1rati d\u00e1tuma, a munkamenet-s\u00fctikt\u0151l ak\u00e1r 24 h\u00f3napig is, a kateg\u00f3ri\u00e1t\u00f3l f\u00fcgg\u0151en.<\/li>\n<\/ul>\n<h2>11. Az \u00d6n jogai<\/h2>\n<p>A <strong>LGPD (13.709\/2018. t\u00f6rv\u00e9ny)<\/strong> \u00d6n k\u00e9rheti: az adatkezel\u00e9s meger\u0151s\u00edt\u00e9s\u00e9t, az adatokhoz val\u00f3 hozz\u00e1f\u00e9r\u00e9st, azok helyesb\u00edt\u00e9s\u00e9t, anonimiz\u00e1l\u00e1s\u00e1t vagy t\u00f6rl\u00e9s\u00e9t, hordozhat\u00f3s\u00e1g\u00e1t, a megoszt\u00e1ssal kapcsolatos inform\u00e1ci\u00f3kat, valamint a hozz\u00e1j\u00e1rul\u00e1s visszavon\u00e1s\u00e1t. <strong>GDPR<\/strong>, Ha az EU-ban\/EGT-ben tart\u00f3zkodik, a tiltakoz\u00e1shoz, az adatkezel\u00e9s korl\u00e1toz\u00e1s\u00e1hoz \u00e9s az automatiz\u00e1lt d\u00f6nt\u00e9shozatal al\u00f3li mentes\u00fcl\u00e9shez val\u00f3 jog is megilleti \u00d6nt (15\u201322. cikk).<\/p>\n<p>B\u00e1rmelyik\u00fck gyakorl\u00e1s\u00e1hoz \u00edrjon a k\u00f6vetkez\u0151 c\u00edmre: <a href=\"mailto:contato@noticiatecnologia.com\">contato@noticiatecnologia.com<\/a>. Ha nem el\u00e9gedett a v\u00e1lasszal, panaszt tehet a <strong>ANPD<\/strong> (Nemzeti Adatv\u00e9delmi Hat\u00f3s\u00e1g) vagy az \u00d6n orsz\u00e1g\u00e1nak adatv\u00e9delmi hat\u00f3s\u00e1g\u00e1hoz.<\/p>\n<p>Az \u00e1ltalunk haszn\u00e1lt jogalapok a k\u00f6vetkez\u0151k: <strong>hozz\u00e1j\u00e1rul<\/strong> (sz\u00fcks\u00e9g eset\u00e9n hirdet\u00e9si \u00e9s analitikai s\u00fctik), <strong>jogos \u00e9rdek<\/strong> (biztons\u00e1g \u00e9s \u00f6sszes\u00edtett m\u00e9r\u00e9s) \u00e9s <strong>jogi k\u00f6telezetts\u00e9g teljes\u00edt\u00e9se<\/strong>.<\/p>\n<h2>12. Gyermekek \u00e9s serd\u00fcl\u0151k<\/h2>\n<p>A Noticia Tecnologia tartalma 18 \u00e9v feletti szem\u00e9lyeknek sz\u00f3l, \u00e9s nem gyermekeknek sz\u00f3l. Sz\u00e1nd\u00e9kosan nem gy\u0171jt\u00fcnk adatokat 13 \u00e9v alatti gyermekekt\u0151l. Ha ilyen t\u00edpus\u00fa adatgy\u0171jt\u00e9st \u00e9szlel\u00fcnk, t\u00f6r\u00f6lj\u00fck a bejegyz\u00e9st. Azok a sz\u00fcl\u0151k vagy gondvisel\u0151k, akik ezt gyan\u00edtj\u00e1k, a fenti e-mail c\u00edmen \u00e9rtes\u00edthetnek minket.<\/p>\n<h2>13. Biztons\u00e1g<\/h2>\n<p>A teljes weboldalon HTTPS-t haszn\u00e1lunk, a szervert \u00e9s a szoftvert naprak\u00e9szen tartjuk, \u00e9s korl\u00e1tozzuk az adminisztr\u00e1tori hozz\u00e1f\u00e9r\u00e9st. Egyetlen 100% rendszer sem immunis ez al\u00f3l, de minden relev\u00e1ns incidenst kezel\u00fcnk az \u00e9rintettekkel \u00e9s a hat\u00f3s\u00e1gokkal val\u00f3 kommunik\u00e1ci\u00f3 r\u00e9v\u00e9n, amikor a t\u00f6rv\u00e9ny el\u0151\u00edrja.<\/p>\n<h2>14. Linkek m\u00e1s weboldalakra<\/h2>\n<p>Cikkeink alkalmaz\u00e1sboltokat, gy\u00e1rt\u00f3kat \u00e9s hivatalos forr\u00e1sokat id\u00e9znek. Ezekre a linkekre kattintva elhagyja a Noticia Tecnologia weboldal\u00e1t, \u00e9s a c\u00e9lwebhely adatv\u00e9delmi ir\u00e1nyelvei vonatkoznak \u00d6nre. Nem v\u00e1llalunk felel\u0151ss\u00e9get harmadik f\u00e9l weboldalainak tartalm\u00e1\u00e9rt vagy adatkezel\u00e9si gyakorlat\u00e1\u00e9rt.<\/p>\n<h2>15. A szab\u00e1lyzat m\u00f3dos\u00edt\u00e1sai<\/h2>\n<p>Ezt a dokumentumot b\u00e1rmikor friss\u00edthetj\u00fck. A fel\u00fcl tal\u00e1lhat\u00f3 d\u00e1tum az aktu\u00e1lis verzi\u00f3t jelzi. A jelent\u0151s v\u00e1ltoz\u00e1sokat mag\u00e1n az oldalon jelezz\u00fck.<\/p>","protected":false},"excerpt":{"rendered":"<p>\u00daltima atualiza\u00e7\u00e3o: 2 de agosto de 2026 Esta Pol\u00edtica de Privacidade explica quais dados o Noticia Tecnologia (noticiatecnologia.com) coleta, por que coleta, com quem compartilha e\u2026<\/p>","protected":false},"author":1,"featured_media":0,"parent":0,"menu_order":0,"comment_status":"closed","ping_status":"closed","template":"","meta":{"_revidia_rewards_active":"","footnotes":""},"class_list":["post-46973","page","type-page","status-publish","hentry"],"yoast_head":"<!-- This site is optimized with the Yoast SEO plugin v28.4 - https:\/\/yoast.com\/product\/yoast-seo-wordpress\/ -->\n<title>Pol\u00edtica de Privacidade - Noticia Tecnologia<\/title>\n<meta name=\"description\" content=\"Como o Noticia Tecnologia trata seus dados: cookies, publicidade do Google Ad Manager e AdSense, consentimento na Europa e seus direitos pela LGPD.\" \/>\n<meta name=\"robots\" content=\"index, follow, max-snippet:-1, max-image-preview:large, max-video-preview:-1\" \/>\n<link rel=\"canonical\" href=\"https:\/\/noticiatecnologia.com\/hu\/adatvedelmi-iranyelvek\/\" \/>\n<meta property=\"og:locale\" content=\"hu_HU\" \/>\n<meta property=\"og:type\" content=\"article\" \/>\n<meta property=\"og:title\" content=\"Pol\u00edtica de Privacidade - Noticia Tecnologia\" \/>\n<meta property=\"og:description\" content=\"Como o Noticia Tecnologia trata seus dados: cookies, publicidade do Google Ad Manager e AdSense, consentimento na Europa e seus direitos pela LGPD.\" \/>\n<meta property=\"og:url\" content=\"https:\/\/noticiatecnologia.com\/hu\/adatvedelmi-iranyelvek\/\" \/>\n<meta property=\"og:site_name\" content=\"Noticia Tecnologia\" \/>\n<meta property=\"article:modified_time\" content=\"2026-08-02T14:47:33+00:00\" \/>\n<meta name=\"twitter:card\" content=\"summary_large_image\" \/>\n<meta name=\"twitter:label1\" content=\"Becs\u00fclt olvas\u00e1si id\u0151\" \/>\n\t<meta name=\"twitter:data1\" content=\"9 perc\" \/>\n<script type=\"application\/ld+json\" class=\"yoast-schema-graph\">{\"@context\":\"https:\\\/\\\/schema.org\",\"@graph\":[{\"@type\":\"WebPage\",\"@id\":\"https:\\\/\\\/noticiatecnologia.com\\\/politica-de-privacidade\\\/\",\"url\":\"https:\\\/\\\/noticiatecnologia.com\\\/politica-de-privacidade\\\/\",\"name\":\"Pol\u00edtica de Privacidade - Noticia Tecnologia\",\"isPartOf\":{\"@id\":\"https:\\\/\\\/noticiatecnologia.com\\\/#website\"},\"datePublished\":\"2024-06-28T15:57:52+00:00\",\"dateModified\":\"2026-08-02T14:47:33+00:00\",\"description\":\"Como o Noticia Tecnologia trata seus dados: cookies, publicidade do Google Ad Manager e AdSense, consentimento na Europa e seus direitos pela LGPD.\",\"breadcrumb\":{\"@id\":\"https:\\\/\\\/noticiatecnologia.com\\\/politica-de-privacidade\\\/#breadcrumb\"},\"inLanguage\":\"hu\",\"potentialAction\":[{\"@type\":\"ReadAction\",\"target\":[\"https:\\\/\\\/noticiatecnologia.com\\\/politica-de-privacidade\\\/\"]}]},{\"@type\":\"BreadcrumbList\",\"@id\":\"https:\\\/\\\/noticiatecnologia.com\\\/politica-de-privacidade\\\/#breadcrumb\",\"itemListElement\":[{\"@type\":\"ListItem\",\"position\":1,\"name\":\"In\u00edcio\",\"item\":\"https:\\\/\\\/noticiatecnologia.com\\\/\"},{\"@type\":\"ListItem\",\"position\":2,\"name\":\"Pol\u00edtica de Privacidade\"}]},{\"@type\":\"WebSite\",\"@id\":\"https:\\\/\\\/noticiatecnologia.com\\\/#website\",\"url\":\"https:\\\/\\\/noticiatecnologia.com\\\/\",\"name\":\"Noticia Tecnologia\",\"description\":\"Desvendando a tecnologia!\",\"publisher\":{\"@id\":\"https:\\\/\\\/noticiatecnologia.com\\\/#organization\"},\"potentialAction\":[{\"@type\":\"SearchAction\",\"target\":{\"@type\":\"EntryPoint\",\"urlTemplate\":\"https:\\\/\\\/noticiatecnologia.com\\\/?s={search_term_string}\"},\"query-input\":{\"@type\":\"PropertyValueSpecification\",\"valueRequired\":true,\"valueName\":\"search_term_string\"}}],\"inLanguage\":\"hu\"},{\"@type\":\"Organization\",\"@id\":\"https:\\\/\\\/noticiatecnologia.com\\\/#organization\",\"name\":\"Spotads\",\"url\":\"https:\\\/\\\/noticiatecnologia.com\\\/\",\"logo\":{\"@type\":\"ImageObject\",\"inLanguage\":\"hu\",\"@id\":\"https:\\\/\\\/noticiatecnologia.com\\\/#\\\/schema\\\/logo\\\/image\\\/\",\"url\":\"https:\\\/\\\/noticiatecnologia.com\\\/wp-content\\\/uploads\\\/2024\\\/06\\\/NOTICIA-LOGO-1.png\",\"contentUrl\":\"https:\\\/\\\/noticiatecnologia.com\\\/wp-content\\\/uploads\\\/2024\\\/06\\\/NOTICIA-LOGO-1.png\",\"width\":250,\"height\":60,\"caption\":\"Spotads\"},\"image\":{\"@id\":\"https:\\\/\\\/noticiatecnologia.com\\\/#\\\/schema\\\/logo\\\/image\\\/\"}}]}<\/script>\n<!-- \/ Yoast SEO plugin. -->","yoast_head_json":{"title":"Adatv\u00e9delmi ir\u00e1nyelvek - Technol\u00f3giai h\u00edrek","description":"Hogyan kezeli a Noticia Tecnologia az \u00d6n adatait: s\u00fctik, Google Ad Manager \u00e9s AdSense hirdet\u00e9sek, hozz\u00e1j\u00e1rul\u00e1s Eur\u00f3p\u00e1ban, valamint az \u00d6n jogai az LGPD (brazil \u00e1ltal\u00e1nos adatv\u00e9delmi t\u00f6rv\u00e9ny) \u00e9rtelm\u00e9ben.","robots":{"index":"index","follow":"follow","max-snippet":"max-snippet:-1","max-image-preview":"max-image-preview:large","max-video-preview":"max-video-preview:-1"},"canonical":"https:\/\/noticiatecnologia.com\/hu\/adatvedelmi-iranyelvek\/","og_locale":"hu_HU","og_type":"article","og_title":"Pol\u00edtica de Privacidade - Noticia Tecnologia","og_description":"Como o Noticia Tecnologia trata seus dados: cookies, publicidade do Google Ad Manager e AdSense, consentimento na Europa e seus direitos pela LGPD.","og_url":"https:\/\/noticiatecnologia.com\/hu\/adatvedelmi-iranyelvek\/","og_site_name":"Noticia Tecnologia","article_modified_time":"2026-08-02T14:47:33+00:00","twitter_card":"summary_large_image","twitter_misc":{"Becs\u00fclt olvas\u00e1si id\u0151":"9 perc"},"schema":{"@context":"https:\/\/schema.org","@graph":[{"@type":"WebPage","@id":"https:\/\/noticiatecnologia.com\/politica-de-privacidade\/","url":"https:\/\/noticiatecnologia.com\/politica-de-privacidade\/","name":"Adatv\u00e9delmi ir\u00e1nyelvek - Technol\u00f3giai h\u00edrek","isPartOf":{"@id":"https:\/\/noticiatecnologia.com\/#website"},"datePublished":"2024-06-28T15:57:52+00:00","dateModified":"2026-08-02T14:47:33+00:00","description":"Hogyan kezeli a Noticia Tecnologia az \u00d6n adatait: s\u00fctik, Google Ad Manager \u00e9s AdSense hirdet\u00e9sek, hozz\u00e1j\u00e1rul\u00e1s Eur\u00f3p\u00e1ban, valamint az \u00d6n jogai az LGPD (brazil \u00e1ltal\u00e1nos adatv\u00e9delmi t\u00f6rv\u00e9ny) \u00e9rtelm\u00e9ben.","breadcrumb":{"@id":"https:\/\/noticiatecnologia.com\/politica-de-privacidade\/#breadcrumb"},"inLanguage":"hu","potentialAction":[{"@type":"ReadAction","target":["https:\/\/noticiatecnologia.com\/politica-de-privacidade\/"]}]},{"@type":"BreadcrumbList","@id":"https:\/\/noticiatecnologia.com\/politica-de-privacidade\/#breadcrumb","itemListElement":[{"@type":"ListItem","position":1,"name":"In\u00edcio","item":"https:\/\/noticiatecnologia.com\/"},{"@type":"ListItem","position":2,"name":"Pol\u00edtica de Privacidade"}]},{"@type":"WebSite","@id":"https:\/\/noticiatecnologia.com\/#website","url":"https:\/\/noticiatecnologia.com\/","name":"Technol\u00f3giai h\u00edrek","description":"A technol\u00f3gia felt\u00e1r\u00e1sa!","publisher":{"@id":"https:\/\/noticiatecnologia.com\/#organization"},"potentialAction":[{"@type":"SearchAction","target":{"@type":"EntryPoint","urlTemplate":"https:\/\/noticiatecnologia.com\/?s={search_term_string}"},"query-input":{"@type":"PropertyValueSpecification","valueRequired":true,"valueName":"search_term_string"}}],"inLanguage":"hu"},{"@type":"Organization","@id":"https:\/\/noticiatecnologia.com\/#organization","name":"Spotads","url":"https:\/\/noticiatecnologia.com\/","logo":{"@type":"ImageObject","inLanguage":"hu","@id":"https:\/\/noticiatecnologia.com\/#\/schema\/logo\/image\/","url":"https:\/\/noticiatecnologia.com\/wp-content\/uploads\/2024\/06\/NOTICIA-LOGO-1.png","contentUrl":"https:\/\/noticiatecnologia.com\/wp-content\/uploads\/2024\/06\/NOTICIA-LOGO-1.png","width":250,"height":60,"caption":"Spotads"},"image":{"@id":"https:\/\/noticiatecnologia.com\/#\/schema\/logo\/image\/"}}]}},"_links":{"self":[{"href":"https:\/\/noticiatecnologia.com\/hu\/wp-json\/wp\/v2\/pages\/46973","targetHints":{"allow":["GET"]}}],"collection":[{"href":"https:\/\/noticiatecnologia.com\/hu\/wp-json\/wp\/v2\/pages"}],"about":[{"href":"https:\/\/noticiatecnologia.com\/hu\/wp-json\/wp\/v2\/types\/page"}],"author":[{"embeddable":true,"href":"https:\/\/noticiatecnologia.com\/hu\/wp-json\/wp\/v2\/users\/1"}],"replies":[{"embeddable":true,"href":"https:\/\/noticiatecnologia.com\/hu\/wp-json\/wp\/v2\/comments?post=46973"}],"version-history":[{"count":4,"href":"https:\/\/noticiatecnologia.com\/hu\/wp-json\/wp\/v2\/pages\/46973\/revisions"}],"predecessor-version":[{"id":47851,"href":"https:\/\/noticiatecnologia.com\/hu\/wp-json\/wp\/v2\/pages\/46973\/revisions\/47851"}],"wp:attachment":[{"href":"https:\/\/noticiatecnologia.com\/hu\/wp-json\/wp\/v2\/media?parent=46973"}],"curies":[{"name":"munkaf\u00fczet","href":"https:\/\/api.w.org\/{rel}","templated":true}]}}